{"id":9907,"date":"2014-03-26T10:17:58","date_gmt":"2014-03-26T09:17:58","guid":{"rendered":"http:\/\/www.multiusos.net\/?page_id=9907"},"modified":"2026-04-23T13:25:19","modified_gmt":"2026-04-23T11:25:19","slug":"precios","status":"publish","type":"page","link":"https:\/\/www.multiusos.net\/es\/informacion\/precios\/","title":{"rendered":"Precios"},"content":{"rendered":"<h2>Tarifas con el 21% de IVA incluido<\/h2>\n<h3>Vigentes desde el 01\/05\/2025<\/h3>\n<table class=\"table table-hover\" style=\"margin-bottom: 30px;\">\n<thead>\n<tr>\n<th class=\"naranja\" colspan=\"2\">Matr\u00edcula<\/th>\n<\/tr>\n<\/thead>\n<tbody>\n<tr>\n<td><strong>Familiar<\/strong><\/td>\n<td class=\"text-right\">53,73 \u20ac<\/td>\n<\/tr>\n<tr>\n<td><strong>Otros<\/strong><\/td>\n<td class=\"text-right\">48,81 \u20ac<\/td>\n<\/tr>\n<\/tbody>\n<\/table>\n<table class=\"table table-hover\" style=\"margin-bottom: 30px;\">\n<thead>\n<tr>\n<th class=\"naranja\" colspan=\"2\">Abonos mes<\/th>\n<\/tr>\n<\/thead>\n<tbody>\n<tr>\n<td><strong>Familiar *<\/strong><\/td>\n<td class=\"text-right\">55,87 \u20ac<\/td>\n<\/tr>\n<tr>\n<td><strong>Individual<\/strong><\/td>\n<td class=\"text-right\">43,04 \u20ac<\/td>\n<\/tr>\n<tr>\n<td><strong>Ma\u00f1anas<\/strong><\/td>\n<td class=\"text-right\">31,03 \u20ac<\/td>\n<\/tr>\n<tr>\n<td><strong>Junior<\/strong> <small>(menores de 22 a\u00f1os)<\/small><\/td>\n<td class=\"text-right\">23,84 \u20ac<\/td>\n<\/tr>\n<tr>\n<td><strong>3\u00aa Edad<\/strong> <small>(a partir de 60 a\u00f1os)<\/small><\/td>\n<td class=\"text-right\">23,84 \u20ac<\/td>\n<\/tr>\n<tr>\n<td><strong>Hijo\u00a0<small>6-21 a\u00f1os<\/small> \/ Familiar<\/strong><\/td>\n<td class=\"text-right\">5,19 \u20ac<\/td>\n<\/tr>\n<tr>\n<td><strong>Hijo\u00a0<small>menor de 6 a\u00f1os<\/small> \/ Familiar<\/strong><\/td>\n<td class=\"text-right\">Gratis<\/td>\n<\/tr>\n<\/tbody>\n<\/table>\n<p style=\"margin-bottom: 30px;\"><small>*El abono familiar incluye c\u00f3nyuges y, si es el caso, los hijos menores de 22 a\u00f1os.<\/small><\/p>\n<table class=\"table table-hover\" style=\"margin-bottom: 30px;\">\n<thead>\n<tr>\n<th class=\"naranja\" colspan=\"2\">Cuota mantenimiento<\/th>\n<\/tr>\n<\/thead>\n<tbody>\n<tr>\n<td><strong>Familiar<\/strong><\/td>\n<td class=\"text-right\">15,52\u20ac<\/td>\n<\/tr>\n<tr>\n<td><strong>Otros<\/strong><\/td>\n<td class=\"text-right\">10,40 \u20ac<\/td>\n<\/tr>\n<\/tbody>\n<\/table>\n<h2>Abono Discapacidad Acreditada<\/h2>\n<h3>Las tarifas de las personas que tienen acreditada una DISCAPACIDAD igual o superior al 33% ser\u00e1n las siguientes:<\/h3>\n<table class=\"table table-hover\" style=\"margin-bottom: 30px;\">\n<thead>\n<tr>\n<th class=\"verde\" colspan=\"2\">Matr\u00edcula<\/th>\n<\/tr>\n<\/thead>\n<tbody>\n<tr>\n<td><strong>Familiar<\/strong><\/td>\n<td class=\"text-right\">30,47 \u20ac<\/td>\n<\/tr>\n<tr>\n<td><strong>Individual<\/strong><\/td>\n<td class=\"text-right\">27,57 \u20ac<\/td>\n<\/tr>\n<\/tbody>\n<\/table>\n<table class=\"table table-hover\" style=\"margin-bottom: 30px;\">\n<thead>\n<tr>\n<th class=\"verde\" colspan=\"2\">Abonos mes<\/th>\n<\/tr>\n<\/thead>\n<tbody>\n<tr>\n<td><strong>Familiar** 2 miembros con discap.\u00a0<\/strong><\/td>\n<td class=\"text-right\">31,58 \u20ac<\/td>\n<\/tr>\n<tr>\n<td><strong>Familiar** 1 miembro con discap.<\/strong><\/td>\n<td class=\"text-right\">47,38 \u20ac<\/td>\n<\/tr>\n<tr>\n<td><strong>Hijos\u00a0con discap. dentro del abono familiar <\/strong>(6-21 a\u00f1os)<\/td>\n<td class=\"text-right\">2,72 \u20ac<\/td>\n<\/tr>\n<tr>\n<td><strong>Individual<\/strong><\/td>\n<td class=\"text-right\">24,28 \u20ac<\/td>\n<\/tr>\n<tr>\n<td><strong>Ma\u00f1anas<\/strong><\/td>\n<td class=\"text-right\">16,69 \u20ac<\/td>\n<\/tr>\n<tr>\n<td><strong>Junior<\/strong><\/td>\n<td class=\"text-right\">12,84 \u20ac<\/td>\n<\/tr>\n<tr>\n<td><strong>Tercera\u00a0edad<\/strong><\/td>\n<td class=\"text-right\">12,84 \u20ac<\/td>\n<\/tr>\n<tr>\n<td><strong>Mantenimiento individual<\/strong><\/td>\n<td class=\"text-right\">5,50 \u20ac<\/td>\n<\/tr>\n<tr>\n<td><strong>Mantenimiento familiar<\/strong><\/td>\n<td class=\"text-right\">8,35 \u20ac<\/td>\n<\/tr>\n<\/tbody>\n<\/table>\n<div><small>**El descuento en el abono familiar solo se aplica al miembro con discapacidad acreditada. Para m\u00e1s informaci\u00f3n cons\u00faltanos en recepci\u00f3n.<\/small><\/div>\n<div id=\"abonate\" class=\"info-cursos\">\n<h2>\u00bfQuieres Abonarte?<\/h2>\n<h3 style=\"margin-top: 25px;\">Matr\u00edcula Online<\/h3>\n<p><a   class=\"wt-btn wt-btn-orange wt-btn-small\" href=\"https:\/\/www.ivgestiondeportiva.com\/secretaria\/instalaciones\/xade\/abonos\/\"> Haz clic aqu\u00ed para hacer la matr\u00edcula online<\/a><\/p>\n<h3 style=\"margin-top: 35px;\">Matr\u00edcula Presencial<\/h3>\n<p><a   class=\"wt-btn wt-btn-orange wt-btn-small\" href=\"http:\/\/www.multiusos.net\/wp-content\/uploads\/2024\/02\/Folladeinscricion.pdf\"> Descarga aqu\u00ed la hoja de inscripci\u00f3n Multisan <\/a><\/p>\n<p>La primera mensualidad se abonar\u00e1 conjuntamente con la cuota de inscripci\u00f3n en el momento de realizar la matr\u00edcula. Las dem\u00e1s mensualidades se abonar\u00e1n obligatoriamente a trav\u00e9s de domiciliaci\u00f3n bancaria, recibo que podr\u00e1 ser exigido desde el d\u00eda 28 del mes anterior al per\u00edodo del mes facturado.<\/p>\n<p><strong>Documentaci\u00f3n necesaria para el abono<\/strong><\/p>\n<ul>\n<li>Fotocopia del DNI de los componentes del abono.<\/li>\n<li>Certificaci\u00f3n de cuenta bancaria del titular del abono.<\/li>\n<li>Libro de familia (en el caso de abono familiar).<\/li>\n<\/ul>\n<\/div>\n<table class=\"table table-hover\" style=\"margin-bottom: 30px; margin-top: 30px;\">\n<thead>\n<tr>\n<th colspan=\"2\">Entrada General<\/th>\n<\/tr>\n<\/thead>\n<tbody>\n<tr>\n<td><strong>Entrada<\/strong><\/td>\n<td class=\"text-right\">5,68 \u20ac<\/td>\n<\/tr>\n<\/tbody>\n<\/table>\n<table class=\"table table-hover\" style=\"margin-bottom: 30px;\">\n<thead>\n<tr>\n<th colspan=\"2\">Entrada piscina Sar (Verano)<\/th>\n<\/tr>\n<\/thead>\n<tbody>\n<tr>\n<td><strong>De 3 a 6 a\u00f1os<\/strong><\/td>\n<td class=\"text-right\">2,59 \u20ac<\/td>\n<\/tr>\n<tr>\n<td><strong>De 7 a 16 a\u00f1os<\/strong><\/td>\n<td class=\"text-right\">3,10 \u20ac<\/td>\n<\/tr>\n<tr>\n<td><strong> Adultos <\/strong><\/td>\n<td class=\"text-right\">4,70 \u20ac<\/td>\n<\/tr>\n<tr>\n<td><strong>3\u00aa Edad<\/strong><\/td>\n<td class=\"text-right\">2,59 \u20ac<\/td>\n<\/tr>\n<\/tbody>\n<\/table>\n<table class=\"table table-hover\" style=\"margin-bottom: 30px;\">\n<thead>\n<tr>\n<th colspan=\"2\">Alquiler pista de p\u00e1del y tenis (precios por persona y hora)<\/th>\n<\/tr>\n<\/thead>\n<tbody>\n<tr>\n<td><strong>Alquiler Pista Abonado<\/strong><\/td>\n<td class=\"text-right\">1,10 \u20ac<\/td>\n<\/tr>\n<tr>\n<td><strong><strong>Alquiler<\/strong>\u00a0Pista No Abonados<\/strong><\/td>\n<td class=\"text-right\">5,60 \u20ac<\/td>\n<\/tr>\n<tr>\n<td><strong> Luz <\/strong><\/td>\n<td class=\"text-right\">1,10 \u20ac<\/td>\n<\/tr>\n<tr>\n<td><strong><strong>Alquiler<\/strong>\u00a0Raqueta Abonado <\/strong><\/td>\n<td class=\"text-right\">1,10 \u20ac<\/td>\n<\/tr>\n<tr>\n<td><strong><strong>Alquiler<\/strong>\u00a0Raqueta No Abonados <\/strong><\/td>\n<td class=\"text-right\">2,80 \u20ac<\/td>\n<\/tr>\n<\/tbody>\n<\/table>\n<h2>Precios Actividades Complementarias<\/h2>\n<table class=\"table table-hover\" style=\"margin-top: 30px; margin-bottom: 30px;\">\n<thead>\n<tr>\n<th colspan=\"2\">Cursillos de nataci\u00f3n (precios por cuatrimestre)<\/th>\n<\/tr>\n<\/thead>\n<tbody>\n<tr>\n<td style=\"color: #fa824f;\" colspan=\"2\"><strong>ABONADOS<\/strong><\/td>\n<\/tr>\n<tr>\n<td><strong>Adultos 2 D\u00edas a la semana<\/strong><\/td>\n<td class=\"text-right\">21,1 \u20ac<\/td>\n<\/tr>\n<tr>\n<td><strong>Adultos 1 D\u00eda a la semana<\/strong><\/td>\n<td class=\"text-right\">10,55 \u20ac<\/td>\n<\/tr>\n<tr>\n<td><strong>Ni\u00f1os 2 D\u00edas a la semana<\/strong><\/td>\n<td class=\"text-right\">15,10 \u20ac<\/td>\n<\/tr>\n<tr>\n<td><strong>Ni\u00f1os 1 D\u00eda a la semana<\/strong><\/td>\n<td class=\"text-right\">7,55 \u20ac<\/td>\n<\/tr>\n<tr>\n<td style=\"color: #fa824f;\" colspan=\"2\"><strong>NO ABONADOS<\/strong><\/td>\n<\/tr>\n<tr>\n<td><strong>Adultos 1 D\u00eda a la semana<\/strong><\/td>\n<td class=\"text-right\">42,61 \u20ac<\/td>\n<\/tr>\n<tr>\n<td><strong>Ni\u00f1os 1 D\u00eda a la semana<\/strong><\/td>\n<td class=\"text-right\">30,37 \u20ac<\/td>\n<\/tr>\n<\/tbody>\n<\/table>\n<table class=\"table table-hover\" style=\"margin-top: 30px; margin-bottom: 30px;\">\n<thead>\n<tr>\n<th colspan=\"2\">Cursillos de nataci\u00f3n intensivos verano (precios por mes)<\/th>\n<\/tr>\n<\/thead>\n<tbody>\n<tr>\n<td style=\"color: #fa824f;\" colspan=\"2\"><strong>ABONADOS<\/strong><\/td>\n<\/tr>\n<tr>\n<td><strong>Adultos\u00a0de lunes a\u00a0viernes<\/strong><\/td>\n<td class=\"text-right\">25,85 \u20ac<\/td>\n<\/tr>\n<tr>\n<td><strong><strong>Ni\u00f1os de lunes a<\/strong><\/strong><strong>viernes<\/strong><\/td>\n<td class=\"text-right\">18,43 \u20ac<\/td>\n<\/tr>\n<tr>\n<td style=\"color: #fa824f;\" colspan=\"2\"><strong>NO ABONADOS<\/strong><\/td>\n<\/tr>\n<tr>\n<td><strong><strong>Adultos\u00a0de lunes\u00a0a<\/strong><\/strong><strong>viernes<\/strong><\/td>\n<td class=\"text-right\">50,58 \u20ac<\/td>\n<\/tr>\n<tr>\n<td><strong><strong>Ni\u00f1os\u00a0de lunes a<\/strong><\/strong><strong>viernes<\/strong><\/td>\n<td class=\"text-right\">35,74 \u20ac<\/td>\n<\/tr>\n<\/tbody>\n<\/table>\n<table class=\"table table-hover\" style=\"margin-bottom: 30px;\">\n<thead>\n<tr>\n<th colspan=\"2\">Cursillos seco (precios por mes)<\/th>\n<\/tr>\n<\/thead>\n<tbody>\n<tr>\n<td><strong>Pilates Mat 2 d\u00edas a la semana (s\u00f3lo para abonados)<\/strong><\/td>\n<td class=\"text-right\">18,70 \u20ac<\/td>\n<\/tr>\n<tr>\n<td><strong>Pilates Mat 1 d\u00eda a la semana (s\u00f3lo para abonados)<\/strong><\/td>\n<td class=\"text-right\">9,35 \u20ac<\/td>\n<\/tr>\n<tr>\n<td><strong>Curso TRX (s\u00f3lo para abonados)<\/strong><\/td>\n<td class=\"text-right\">9,35 \u20ac<\/td>\n<\/tr>\n<tr>\n<td><strong>Pilates Reformer 1 d\u00eda a la semana abonados<\/strong><\/td>\n<td class=\"text-right\">31,50 \u20ac<\/td>\n<\/tr>\n<tr>\n<td><strong>Pilates Reformer 1 d\u00eda a la semana no abonados<\/strong><\/td>\n<td class=\"text-right\">63 \u20ac<\/td>\n<\/tr>\n<tr>\n<td><strong>Pilates Reformer 2 d\u00edas a la semana abonados<\/strong><\/td>\n<td class=\"text-right\">47,25 \u20ac<\/td>\n<\/tr>\n<tr>\n<td><strong>Pilates Reformer 2 d\u00edas a la semana no abonados<\/strong><\/td>\n<td class=\"text-right\">78,75 \u20ac<\/td>\n<\/tr>\n<\/tbody>\n<\/table>\n<table class=\"table table-hover\">\n<thead>\n<tr>\n<th colspan=\"2\">Cursillos de p\u00e1del y tenis (precios por mes)<\/th>\n<\/tr>\n<\/thead>\n<tbody>\n<tr>\n<td style=\"color: #fa824f;\" colspan=\"2\"><strong>ABONADOS<\/strong><\/td>\n<\/tr>\n<tr>\n<td><strong>Adultos 1 D\u00eda a la semana<\/strong><\/td>\n<td class=\"text-right\">20,00 \u20ac<\/td>\n<\/tr>\n<tr>\n<td><strong>Adultos 2 D\u00edas a la semana<\/strong><\/td>\n<td class=\"text-right\">26,50 \u20ac<\/td>\n<\/tr>\n<tr>\n<td><strong>Nenos 1 D\u00eda a la semana<\/strong><\/td>\n<td class=\"text-right\">11,20 \u20ac<\/td>\n<\/tr>\n<tr>\n<td style=\"color: #fa824f;\" colspan=\"2\"><strong>NO ABONADOS<\/strong><\/td>\n<\/tr>\n<tr>\n<td><strong>Adultos 1 D\u00eda a la semana<\/strong><\/td>\n<td class=\"text-right\">40,00 \u20ac<\/td>\n<\/tr>\n<tr>\n<td><strong>Adultos 2 D\u00edas a la semana<\/strong><\/td>\n<td class=\"text-right\">53,00 \u20ac<\/td>\n<\/tr>\n<tr>\n<td><strong>Ni\u00f1os 1 D\u00eda a la semana<\/strong><\/td>\n<td class=\"text-right\">22,40 \u20ac<\/td>\n<\/tr>\n<\/tbody>\n<\/table>\n<table class=\"table table-hover\" style=\"margin-bottom: 30px;\">\n<thead>\n<tr>\n<th colspan=\"2\">Actividades para\u00a0ni\u00f1os<\/th>\n<\/tr>\n<\/thead>\n<tbody>\n<tr>\n<td><strong>Actividades dirigidas ni\u00f1os (capoeira, karate, full contact)<br \/>\n1 d\u00eda a la semana, precio al mes (s\u00f3lo para abonados)<\/strong><\/td>\n<td class=\"text-right\">6,40 \u20ac<\/td>\n<\/tr>\n<tr>\n<td><strong>Campus Sar 1 semana abonado<\/strong><\/td>\n<td class=\"text-right\">53 \u20ac<\/td>\n<\/tr>\n<tr>\n<td><strong>Campus Sar 1 semana no abonado<\/strong><\/td>\n<td class=\"text-right\">81 \u20ac<\/td>\n<\/tr>\n<tr>\n<td><strong>Campus Sar 2 semanas abonado (precio por semana)<\/strong><\/td>\n<td class=\"text-right\">51 \u20ac<\/td>\n<\/tr>\n<tr>\n<td><strong>Campus Sar 2 semanas no abonado (precio por semana)<\/strong><\/td>\n<td class=\"text-right\">79 \u20ac<\/td>\n<\/tr>\n<tr>\n<td><strong>Campus Sar 3 semanas abonado (precio por semana)<\/strong><\/td>\n<td class=\"text-right\">49 \u20ac<\/td>\n<\/tr>\n<tr>\n<td><strong>Campus Sar 3 semanas no abonado (precio por semana)<\/strong><\/td>\n<td class=\"text-right\">77 \u20ac<\/td>\n<\/tr>\n<tr>\n<td><strong>Campus Sar 4 semanas abonado (precio por semana)<\/strong><\/td>\n<td class=\"text-right\">46 \u20ac<\/td>\n<\/tr>\n<tr>\n<td><strong>Campus Sar 4 semanas no abonado (precio por semana)<\/strong><\/td>\n<td class=\"text-right\">74 \u20ac<\/td>\n<\/tr>\n<tr>\n<td><strong>Campus Ampliaci\u00f3n Semanal de Ma\u00f1ana (8 am) abonado<\/strong><\/td>\n<td class=\"text-right\">12 \u20ac<\/td>\n<\/tr>\n<tr>\n<td><strong>Campus Ampliaci\u00f3n Semanal de Ma\u00f1ana (8 am) no abonado<\/strong><\/td>\n<td class=\"text-right\">19 \u20ac<\/td>\n<\/tr>\n<tr>\n<td><strong>Campus Ampliaci\u00f3n Semanal de Tarde (hasta las 15 pm) abonado<\/strong><\/td>\n<td class=\"text-right\">7 \u20ac<\/td>\n<\/tr>\n<tr>\n<td><strong><strong>Campus Ampliaci\u00f3n Semanal de\u00a0<\/strong><\/strong><strong>Tarde (hasta las 15 pm) no abonado<\/strong><\/td>\n<td class=\"text-right\">12 \u20ac<\/td>\n<\/tr>\n<tr>\n<td><strong>Campus Ampliaci\u00f3n Semanal completa (de 8 am a 15 pm) abonado<\/strong><\/td>\n<td class=\"text-right\">14 \u20ac<\/td>\n<\/tr>\n<tr>\n<td><strong><strong>Campus Ampliaci\u00f3n Semanal\u00a0<\/strong><\/strong><strong>completa (de 8 am a 15 pm) no abonado<\/strong><\/td>\n<td class=\"text-right\">25 \u20ac<\/td>\n<\/tr>\n<tr>\n<td><strong>Campus Ampliaci\u00f3n completa d\u00eda suelto (8 am a 15 pm) abonado<\/strong><\/td>\n<td class=\"text-right\">5 \u20ac<\/td>\n<\/tr>\n<tr>\n<td><strong><strong>Campus Ampliaci\u00f3n\u00a0<\/strong><\/strong><strong>completa d\u00eda suelto (8 am a 15 pm) no abonado<\/strong><\/td>\n<td class=\"text-right\">9 \u20ac<\/td>\n<\/tr>\n<tr>\n<td><\/td>\n<td class=\"text-right\"><\/td>\n<\/tr>\n<tr>\n<td><\/td>\n<td class=\"text-right\"><\/td>\n<\/tr>\n<\/tbody>\n<\/table>\n<table class=\"table table-hover\" style=\"margin-bottom: 30px;\">\n<thead>\n<tr>\n<th colspan=\"2\">Otros Servicios<\/th>\n<\/tr>\n<\/thead>\n<tbody>\n<tr>\n<td><strong>Sesi\u00f3n Solarium Abonado<br \/>\n<\/strong><\/td>\n<td class=\"text-right\">5,00 \u20ac<\/td>\n<\/tr>\n<tr>\n<td><strong>Bono Solarium Abonado<br \/>\n<\/strong><\/td>\n<td class=\"text-right\">27,00 \u20ac<\/td>\n<\/tr>\n<tr>\n<td><strong>Toalla Ecol\u00f3gica<\/strong><\/td>\n<td class=\"text-right\">0,55 \u20ac<\/td>\n<\/tr>\n<\/tbody>\n<\/table>\n","protected":false},"excerpt":{"rendered":"<p>Tarifas con el 21% de IVA incluido Vigentes desde el 01\/05\/2025 Matr\u00edcula Familiar 53,73 \u20ac Otros 48,81 \u20ac Abonos mes Familiar * 55,87 \u20ac Individual 43,04 \u20ac Ma\u00f1anas 31,03 \u20ac Junior (menores de 22 a\u00f1os) 23,84 \u20ac 3\u00aa Edad (a partir de 60 a\u00f1os) 23,84 \u20ac Hijo\u00a06-21 a\u00f1os \/ Familiar 5,19 \u20ac Hijo\u00a0menor de 6&#8230;<\/p>\n","protected":false},"author":1,"featured_media":0,"parent":10678,"menu_order":0,"comment_status":"closed","ping_status":"closed","template":"","meta":[],"aioseo_notices":[],"_links":{"self":[{"href":"https:\/\/www.multiusos.net\/es\/wp-json\/wp\/v2\/pages\/9907"}],"collection":[{"href":"https:\/\/www.multiusos.net\/es\/wp-json\/wp\/v2\/pages"}],"about":[{"href":"https:\/\/www.multiusos.net\/es\/wp-json\/wp\/v2\/types\/page"}],"author":[{"embeddable":true,"href":"https:\/\/www.multiusos.net\/es\/wp-json\/wp\/v2\/users\/1"}],"replies":[{"embeddable":true,"href":"https:\/\/www.multiusos.net\/es\/wp-json\/wp\/v2\/comments?post=9907"}],"version-history":[{"count":50,"href":"https:\/\/www.multiusos.net\/es\/wp-json\/wp\/v2\/pages\/9907\/revisions"}],"predecessor-version":[{"id":50499,"href":"https:\/\/www.multiusos.net\/es\/wp-json\/wp\/v2\/pages\/9907\/revisions\/50499"}],"up":[{"embeddable":true,"href":"https:\/\/www.multiusos.net\/es\/wp-json\/wp\/v2\/pages\/10678"}],"wp:attachment":[{"href":"https:\/\/www.multiusos.net\/es\/wp-json\/wp\/v2\/media?parent=9907"}],"curies":[{"name":"wp","href":"https:\/\/api.w.org\/{rel}","templated":true}]}}